 {"id":4089,"date":"2026-04-02T09:59:55","date_gmt":"2026-04-02T07:59:55","guid":{"rendered":"https:\/\/www.lepingalant.com\/fr\/?post_type=event&#038;p=4089"},"modified":"2026-04-02T10:27:00","modified_gmt":"2026-04-02T08:27:00","slug":"mathieu-madenian","status":"publish","type":"event","link":"https:\/\/www.lepingalant.com\/fr\/evenement\/mathieu-madenian\/","title":{"rendered":"MATHIEU MADENIAN"},"featured_media":0,"template":"","acf":{"image_cover":{"id":4090,"url":"https:\/\/www.lepingalant.com\/wp-content\/uploads\/25\/2026\/03\/Mathieu-Madenian_CepacSilo-1-scaled.jpg","title":"Mathieu Madenian_CepacSilo","alt":"","sizes":{"thumbnail":"https:\/\/www.lepingalant.com\/wp-content\/uploads\/25\/2026\/03\/Mathieu-Madenian_CepacSilo-1-150x150.jpg","medium":"https:\/\/www.lepingalant.com\/wp-content\/uploads\/25\/2026\/03\/Mathieu-Madenian_CepacSilo-1-214x300.jpg","large":"https:\/\/www.lepingalant.com\/wp-content\/uploads\/25\/2026\/03\/Mathieu-Madenian_CepacSilo-1-732x1024.jpg","full":"https:\/\/www.lepingalant.com\/wp-content\/uploads\/25\/2026\/03\/Mathieu-Madenian_CepacSilo-1-scaled.jpg"},"width":1829,"height":2560},"informations_pratiques":{"icon":704,"title":"Informations pratiques","description":"<p><strong>Placement\u00a0<\/strong>: Assis num\u00e9rot\u00e9<\/p>\n<p>&#8212;&#8212;&#8212;&#8212;&#8212;&#8212;&#8212;&#8212;&#8212;&#8212;&#8212;<\/p>\n<p>Les Tarifs :<\/p>\n<ul>\n<li>Cat\u00e9gorie 1 : 42,20\u20ac<\/li>\n<li>Cat\u00e9gorie 2 : 38,20\u20ac<\/li>\n<\/ul>\n","button":[{"link":{"title":"Acc\u00e8s &amp; parking","url":"https:\/\/www.lepingalant.com\/acces-parking\/","target":""}},{"link":{"title":"Bar &amp; Restauration","url":"https:\/\/www.lepingalant.com\/bar-restauration\/","target":""}},{"link":{"title":"Consignes de s\u00e9curit\u00e9","url":"https:\/\/www.lepingalant.com\/consignes-de-securite\/","target":""}},{"link":{"title":"Infos tarif","url":"https:\/\/www.lepingalant.com\/les-tarifs\/","target":""}}]},"about_us":{"title":"\u00c0 propos","description":"<p><strong>Ma\u00eetre de la r\u00e9plique,\u00a0Mathieu Madenian, d\u00e9barque avec un quatri\u00e8me et nouveau spectacle dans lequel il d\u00e9zingue l&rsquo;actualit\u00e9 \u00e0 travers les yeux d&rsquo;un homme dont la vie a \u00e9t\u00e9 compl\u00e8tement boulevers\u00e9e par la naissance d\u2019un b\u00e9b\u00e9.<\/strong><br \/>\n<strong>Un voyage hilarant et \u00e9mouvant dans lequel l\u2019humoriste nous livre son spectacle \u00e0 la fois le plus personnel et le plus universel.<\/strong><\/p>\n<p>&nbsp;<\/p>\n<p>Avec son sens inou\u00ef de l\u2019autod\u00e9rision, l\u2019humoriste nous raconte comment sa vie et ses certitudes les plus profondes ont \u00e9t\u00e9 boulevers\u00e9es par l\u2019arriv\u00e9e tardive de son premier enfant.<br \/>\nPendant une heure men\u00e9e \u00e0 tambours battants, Mathieu nous embarque dans une plong\u00e9e \u00e0 travers l\u2019univers tumultueux d\u2019un p\u00e8re nouvellement \u00e9moulu qui tente de jongler avec l\u2019absurdit\u00e9 d\u2019un monde au bord du chaos tout en apprenant les ficelles de la paternit\u00e9. Comment concilier son \u00e9ducation traditionnelle avec la nouvelle vague de paternit\u00e9 moderne ? Comment expliquer \u00e0 son fils les concepts de genre\u2026 alors qu\u2019il ne ma\u00eetrise m\u00eame pas TikTok ? Et surtout, comment ne pas passer pour un boomer largu\u00e9 ?<br \/>\nAvec ce talent unique pour transformer le quotidien en com\u00e9die, Mathieu Madenian nous offre un spectacle o\u00f9 il parle de ses erreurs, de ses rat\u00e9s, et des le\u00e7ons qu\u2019il tire de son petit gar\u00e7on, qui, \u00e0 peine n\u00e9, semble d\u00e9j\u00e0 en savoir plus sur la vie que lui\u00a0!<\/p>\n","rs":[{"link":"https:\/\/www.facebook.com\/mathieumadenian\/?locale=fr_FR","type_rs":"facebook"},{"link":"https:\/\/www.instagram.com\/mathieu_madenian\/","type_rs":"instagram"}]},"id_deezer":"","type_deezer":"playlist","id_spotify":"","type_spotify":"playlist","id_youtube":"3NnPC2fIBgs","image_background":false,"status_places_global":"available_place","status_places_global_custom":"","background_flag":"","button_label_custom":"","subtitle":"\u00c0 pleurer de rire","acf_taxonomy_type":3,"event_description":"","price_start":"","price_text":"","sessions":[{"session_date":"2027-02-17 20:00:00","programmation_vente":"","status_event":"on_sale","status_event_custom":"","title_event_custom":"","ticketing":{"url_official":"https:\/\/billetterie.lepingalant.com\/fr\/product\/65\/le_pin_galant\/mathieu_madenian","priority_official":"","url_fnac":"","priority_fnac":"","url_digitick":"","priority_digitick":"","url_ticketmaster":"","priority_ticketmaster":"","url_custom":"","seller_custom":"","priority_custom":"","url_custom_2":"","seller_custom_2":"","priority_custom_2":""}}],"flexible_content":false,"list_offers":false,"list_offers_2":[{"icon":333,"titre":"R\u00e9servation PMR","description":"Afin de vous garantir un placement adapt\u00e9, les spectateurs \u00e0 mobilit\u00e9 r\u00e9duite sont invit\u00e9s \u00e0 signaler leur handicap et \u00e0 r\u00e9server leurs places directement aupr\u00e8s du service billetterie.","link":{"title":"N\u00b0Billetterie : 05 56 97 82 82","url":"#","target":""},"desactivate_background":false}],"gallery_media_v2":false,"event_code":"event-69cbe16ab96c3","event_pro":false},"yoast_head":"<!-- This site is optimized with the Yoast SEO plugin v20.1 - https:\/\/yoast.com\/wordpress\/plugins\/seo\/ -->\n<title>MATHIEU MADENIAN - Pin Galant - 17\/02\/27 - Billetterie officielle<\/title>\n<meta name=\"description\" content=\"\u00ab \u00c0 pleurer de rire \u00bb : la promesse de Mathieu Madenian avec son nouveau spectacle, \u00e0 d\u00e9couvrir le 17 f\u00e9vrier 2027 au Pin Galant !\" \/>\n<meta name=\"robots\" content=\"index, follow, max-snippet:-1, max-image-preview:large, max-video-preview:-1\" \/>\n<link rel=\"canonical\" href=\"https:\/\/www.lepingalant.com\/fr\/evenement\/mathieu-madenian\/\" \/>\n<meta property=\"og:locale\" content=\"fr_FR\" \/>\n<meta property=\"og:type\" content=\"article\" \/>\n<meta property=\"og:title\" content=\"MATHIEU MADENIAN - Pin Galant - 17\/02\/27 - Billetterie officielle\" \/>\n<meta property=\"og:description\" content=\"\u00ab \u00c0 pleurer de rire \u00bb : la promesse de Mathieu Madenian avec son nouveau spectacle, \u00e0 d\u00e9couvrir le 17 f\u00e9vrier 2027 au Pin Galant !\" \/>\n<meta property=\"og:url\" content=\"https:\/\/www.lepingalant.com\/fr\/evenement\/mathieu-madenian\/\" \/>\n<meta property=\"og:site_name\" content=\"Pin Galant\" \/>\n<meta property=\"article:modified_time\" content=\"2026-04-02T08:27:00+00:00\" \/>\n<meta name=\"twitter:card\" content=\"summary_large_image\" \/>\n<script type=\"application\/ld+json\" class=\"yoast-schema-graph\">{\"@context\":\"https:\/\/schema.org\",\"@graph\":[{\"@type\":\"WebPage\",\"@id\":\"https:\/\/www.lepingalant.com\/fr\/evenement\/mathieu-madenian\/\",\"url\":\"https:\/\/www.lepingalant.com\/fr\/evenement\/mathieu-madenian\/\",\"name\":\"MATHIEU MADENIAN - Pin Galant - 17\/02\/27 - Billetterie officielle\",\"isPartOf\":{\"@id\":\"https:\/\/www.lepingalant.com\/fr\/#website\"},\"datePublished\":\"2026-04-02T07:59:55+00:00\",\"dateModified\":\"2026-04-02T08:27:00+00:00\",\"description\":\"\u00ab \u00c0 pleurer de rire \u00bb : la promesse de Mathieu Madenian avec son nouveau spectacle, \u00e0 d\u00e9couvrir le 17 f\u00e9vrier 2027 au Pin Galant !\",\"breadcrumb\":{\"@id\":\"https:\/\/www.lepingalant.com\/fr\/evenement\/mathieu-madenian\/#breadcrumb\"},\"inLanguage\":\"fr-FR\",\"potentialAction\":[{\"@type\":\"ReadAction\",\"target\":[\"https:\/\/www.lepingalant.com\/fr\/evenement\/mathieu-madenian\/\"]}]},{\"@type\":\"BreadcrumbList\",\"@id\":\"https:\/\/www.lepingalant.com\/fr\/evenement\/mathieu-madenian\/#breadcrumb\",\"itemListElement\":[{\"@type\":\"ListItem\",\"position\":1,\"name\":\"Home\",\"item\":\"https:\/\/www.lepingalant.com\/\"},{\"@type\":\"ListItem\",\"position\":2,\"name\":\"MATHIEU MADENIAN\"}]},{\"@type\":\"WebSite\",\"@id\":\"https:\/\/www.lepingalant.com\/fr\/#website\",\"url\":\"https:\/\/www.lepingalant.com\/fr\/\",\"name\":\"Pin Galant\",\"description\":\"\",\"potentialAction\":[{\"@type\":\"SearchAction\",\"target\":{\"@type\":\"EntryPoint\",\"urlTemplate\":\"https:\/\/www.lepingalant.com\/fr\/?s={search_term_string}\"},\"query-input\":\"required name=search_term_string\"}],\"inLanguage\":\"fr-FR\"}]}<\/script>\n<!-- \/ Yoast SEO plugin. -->","yoast_head_json":{"title":"MATHIEU MADENIAN - Pin Galant - 17\/02\/27 - Billetterie officielle","description":"\u00ab \u00c0 pleurer de rire \u00bb : la promesse de Mathieu Madenian avec son nouveau spectacle, \u00e0 d\u00e9couvrir le 17 f\u00e9vrier 2027 au Pin Galant !","robots":{"index":"index","follow":"follow","max-snippet":"max-snippet:-1","max-image-preview":"max-image-preview:large","max-video-preview":"max-video-preview:-1"},"canonical":"https:\/\/www.lepingalant.com\/fr\/evenement\/mathieu-madenian\/","og_locale":"fr_FR","og_type":"article","og_title":"MATHIEU MADENIAN - Pin Galant - 17\/02\/27 - Billetterie officielle","og_description":"\u00ab \u00c0 pleurer de rire \u00bb : la promesse de Mathieu Madenian avec son nouveau spectacle, \u00e0 d\u00e9couvrir le 17 f\u00e9vrier 2027 au Pin Galant !","og_url":"https:\/\/www.lepingalant.com\/fr\/evenement\/mathieu-madenian\/","og_site_name":"Pin Galant","article_modified_time":"2026-04-02T08:27:00+00:00","twitter_card":"summary_large_image","schema":{"@context":"https:\/\/schema.org","@graph":[{"@type":"WebPage","@id":"https:\/\/www.lepingalant.com\/fr\/evenement\/mathieu-madenian\/","url":"https:\/\/www.lepingalant.com\/fr\/evenement\/mathieu-madenian\/","name":"MATHIEU MADENIAN - Pin Galant - 17\/02\/27 - Billetterie officielle","isPartOf":{"@id":"https:\/\/www.lepingalant.com\/fr\/#website"},"datePublished":"2026-04-02T07:59:55+00:00","dateModified":"2026-04-02T08:27:00+00:00","description":"\u00ab \u00c0 pleurer de rire \u00bb : la promesse de Mathieu Madenian avec son nouveau spectacle, \u00e0 d\u00e9couvrir le 17 f\u00e9vrier 2027 au Pin Galant !","breadcrumb":{"@id":"https:\/\/www.lepingalant.com\/fr\/evenement\/mathieu-madenian\/#breadcrumb"},"inLanguage":"fr-FR","potentialAction":[{"@type":"ReadAction","target":["https:\/\/www.lepingalant.com\/fr\/evenement\/mathieu-madenian\/"]}]},{"@type":"BreadcrumbList","@id":"https:\/\/www.lepingalant.com\/fr\/evenement\/mathieu-madenian\/#breadcrumb","itemListElement":[{"@type":"ListItem","position":1,"name":"Home","item":"https:\/\/www.lepingalant.com\/"},{"@type":"ListItem","position":2,"name":"MATHIEU MADENIAN"}]},{"@type":"WebSite","@id":"https:\/\/www.lepingalant.com\/fr\/#website","url":"https:\/\/www.lepingalant.com\/fr\/","name":"Pin Galant","description":"","potentialAction":[{"@type":"SearchAction","target":{"@type":"EntryPoint","urlTemplate":"https:\/\/www.lepingalant.com\/fr\/?s={search_term_string}"},"query-input":"required name=search_term_string"}],"inLanguage":"fr-FR"}]}},"_links":{"self":[{"href":"https:\/\/www.lepingalant.com\/fr\/wp-json\/wp\/v2\/event\/4089"}],"collection":[{"href":"https:\/\/www.lepingalant.com\/fr\/wp-json\/wp\/v2\/event"}],"about":[{"href":"https:\/\/www.lepingalant.com\/fr\/wp-json\/wp\/v2\/types\/event"}],"version-history":[{"count":8,"href":"https:\/\/www.lepingalant.com\/fr\/wp-json\/wp\/v2\/event\/4089\/revisions"}],"predecessor-version":[{"id":4101,"href":"https:\/\/www.lepingalant.com\/fr\/wp-json\/wp\/v2\/event\/4089\/revisions\/4101"}],"wp:attachment":[{"href":"https:\/\/www.lepingalant.com\/fr\/wp-json\/wp\/v2\/media?parent=4089"}],"curies":[{"name":"wp","href":"https:\/\/api.w.org\/{rel}","templated":true}]}}