 {"id":4108,"date":"2026-04-08T14:30:29","date_gmt":"2026-04-08T12:30:29","guid":{"rendered":"https:\/\/www.lepingalant.com\/fr\/?post_type=event&#038;p=4108"},"modified":"2026-04-13T14:27:58","modified_gmt":"2026-04-13T12:27:58","slug":"andre-manoukian","status":"publish","type":"event","link":"https:\/\/www.lepingalant.com\/fr\/evenement\/andre-manoukian\/","title":{"rendered":"Andr\u00e9 Manoukian"},"featured_media":0,"template":"","acf":{"image_cover":{"id":4269,"url":"https:\/\/www.lepingalant.com\/wp-content\/uploads\/25\/2026\/04\/MANOUKIAN-Vertical.jpg","title":"MANOUKIAN Vertical","alt":"","sizes":{"thumbnail":"https:\/\/www.lepingalant.com\/wp-content\/uploads\/25\/2026\/04\/MANOUKIAN-Vertical-150x150.jpg","medium":"https:\/\/www.lepingalant.com\/wp-content\/uploads\/25\/2026\/04\/MANOUKIAN-Vertical-200x300.jpg","large":"https:\/\/www.lepingalant.com\/wp-content\/uploads\/25\/2026\/04\/MANOUKIAN-Vertical-683x1024.jpg","full":"https:\/\/www.lepingalant.com\/wp-content\/uploads\/25\/2026\/04\/MANOUKIAN-Vertical.jpg"},"width":960,"height":1440},"informations_pratiques":{"icon":704,"title":"Informations pratiques","description":"<p><strong>Dur\u00e9e :<\/strong> 1h10<\/p>\n<hr \/>\n<p>Les Tarifs :<\/p>\n<p>Cat\u00e9gorie Or : 51\u20ac<br \/>\nCat\u00e9gorie 1 : 43\u20ac<br \/>\nCat\u00e9gorie 2 : 40\u20ac<\/p>\n","button":[{"link":{"title":"Acc\u00e8s & parking","url":"https:\/\/www.lepingalant.com\/acces-parking\/","target":"_blank"}},{"link":{"title":"Bar & Restauration","url":"https:\/\/www.lepingalant.com\/bar-restauration\/","target":"_blank"}},{"link":{"title":"Consignes de s\u00e9curit\u00e9","url":"https:\/\/www.lepingalant.com\/consignes-de-securite\/","target":"_blank"}},{"link":{"title":"Infos tarifs","url":"https:\/\/www.lepingalant.com\/les-tarifs\/","target":"_blank"}}]},"about_us":{"title":"\u00c0 propos","description":"<p><strong>Bien connu du grand public, Andr\u00e9 Manoukian est avant tout un compositeur de talent et immense pianiste de jazz ouvert aux influences du monde. Il revient au Pin Galant avec \u00ab La Sultane \u00bb, son cinqui\u00e8me album inspir\u00e9 de la musique arm\u00e9nienne. Un concert qui allie virtuosit\u00e9, ravissement et d\u00e9licatesse.<\/strong><\/p>\n<p>Son piano devient sa m\u00e9moire intime, son h\u00e9ritage culturel, une langue de tendresse. Entre Orient et Occident, ses compositions soutenues par le phras\u00e9 spectaculaire des tablas indiens de Mosin Kawa, le violoncelle de Guillaume Latil et la contrebasse de Gilles Coquard, dessinent un horizon sans fronti\u00e8res, des arabesques levantines comme autant de routes initiatiques, de labyrinthes qui semblent \u00e9pouser les plis et replis de nos m\u00e9moires.<\/p>\n<p><em>\u00ab Ma Sultane, c\u2019est ainsi que ma m\u00e8re appelait ma petite s\u0153ur avant de la d\u00e9vorer de baisers. Un mot turc pour exprimer l\u2019amour d\u00e9bordant des m\u00e8res arm\u00e9niennes envers leurs filles. Les gar\u00e7ons avaient droit \u00e0 : mon Pacha. \u00bb <\/em><strong>ANDRE MANOUKIAN<\/strong><\/p>\n","rs":false},"id_deezer":"","type_deezer":"playlist","id_spotify":"101obPeJsCnoAOhx0ZlleK","type_spotify":"album","id_youtube":"8V-gmAKK3Ho","image_background":{"id":4268,"url":"https:\/\/www.lepingalant.com\/wp-content\/uploads\/25\/2026\/04\/Manoukian-Horizontal_.jpg","title":"Manoukian Horizontal_","alt":"","sizes":{"thumbnail":"https:\/\/www.lepingalant.com\/wp-content\/uploads\/25\/2026\/04\/Manoukian-Horizontal_-150x150.jpg","medium":"https:\/\/www.lepingalant.com\/wp-content\/uploads\/25\/2026\/04\/Manoukian-Horizontal_-300x150.jpg","large":"https:\/\/www.lepingalant.com\/wp-content\/uploads\/25\/2026\/04\/Manoukian-Horizontal_-1024x512.jpg","full":"https:\/\/www.lepingalant.com\/wp-content\/uploads\/25\/2026\/04\/Manoukian-Horizontal_.jpg"},"width":1400,"height":700},"status_places_global":"available_place","status_places_global_custom":"","background_flag":"","button_label_custom":"","subtitle":"La Sultane","acf_taxonomy_type":6,"event_description":"<p><strong>Andr\u00e9 Manoukian<\/strong> : Piano et voix<\/p>\n<p><strong>Guillaume Latil<\/strong> : Violoncelle<\/p>\n<p><strong>Mosin Kawa<\/strong> : Tablas et percussions<\/p>\n<p><strong>Gilles Coquard<\/strong> : Contrebasse<\/p>\n","price_start":"","price_text":"","sessions":[{"session_date":"2026-10-13 20:30:00","programmation_vente":"","status_event":"on_sale","status_event_custom":"","title_event_custom":"","ticketing":{"url_official":"https:\/\/billetterie.lepingalant.com\/fr\/product\/81\/le_pin_galant\/andre_manoukian","priority_official":"","url_fnac":"","priority_fnac":"","url_digitick":"","priority_digitick":"","url_ticketmaster":"","priority_ticketmaster":"","url_custom":"","seller_custom":"","priority_custom":"","url_custom_2":"","seller_custom_2":"","priority_custom_2":""}}],"flexible_content":false,"list_offers":false,"list_offers_2":[{"icon":333,"titre":"R\u00e9servation PMR","description":"Afin de vous garantir un placement adapt\u00e9, les spectateurs \u00e0 mobilit\u00e9 r\u00e9duite sont invit\u00e9s \u00e0 signaler leur handicap et \u00e0 r\u00e9server leurs places directement aupr\u00e8s du service billetterie.","link":{"title":"T\u00e9l : 05 56 97 82 82","url":"#","target":"_blank"},"desactivate_background":false}],"gallery_media_v2":false,"event_code":"event-69cf8b2a4c8db","event_pro":false},"yoast_head":"<!-- This site is optimized with the Yoast SEO plugin v20.1 - https:\/\/yoast.com\/wordpress\/plugins\/seo\/ -->\n<title>Andr\u00e9 Manoukian - Le Pin Galant - 13\/10\/2026 - Billetterie officielle<\/title>\n<meta name=\"description\" content=\"Retrouvez Andr\u00e9 Manoukian au Pin Galant \u00e0 l&#039;occasion de la sortie de son 5\u00e8 album, alliant virtuosit\u00e9, ravissement et d\u00e9licatesse !\" \/>\n<meta name=\"robots\" content=\"index, follow, max-snippet:-1, max-image-preview:large, max-video-preview:-1\" \/>\n<link rel=\"canonical\" href=\"https:\/\/www.lepingalant.com\/fr\/evenement\/andre-manoukian\/\" \/>\n<meta property=\"og:locale\" content=\"fr_FR\" \/>\n<meta property=\"og:type\" content=\"article\" \/>\n<meta property=\"og:title\" content=\"Andr\u00e9 Manoukian - Le Pin Galant - 13\/10\/2026 - Billetterie officielle\" \/>\n<meta property=\"og:description\" content=\"Retrouvez Andr\u00e9 Manoukian au Pin Galant \u00e0 l&#039;occasion de la sortie de son 5\u00e8 album, alliant virtuosit\u00e9, ravissement et d\u00e9licatesse !\" \/>\n<meta property=\"og:url\" content=\"https:\/\/www.lepingalant.com\/fr\/evenement\/andre-manoukian\/\" \/>\n<meta property=\"og:site_name\" content=\"Pin Galant\" \/>\n<meta property=\"article:modified_time\" content=\"2026-04-13T12:27:58+00:00\" \/>\n<meta name=\"twitter:card\" content=\"summary_large_image\" \/>\n<script type=\"application\/ld+json\" class=\"yoast-schema-graph\">{\"@context\":\"https:\/\/schema.org\",\"@graph\":[{\"@type\":\"WebPage\",\"@id\":\"https:\/\/www.lepingalant.com\/fr\/evenement\/andre-manoukian\/\",\"url\":\"https:\/\/www.lepingalant.com\/fr\/evenement\/andre-manoukian\/\",\"name\":\"Andr\u00e9 Manoukian - Le Pin Galant - 13\/10\/2026 - Billetterie officielle\",\"isPartOf\":{\"@id\":\"https:\/\/www.lepingalant.com\/fr\/#website\"},\"datePublished\":\"2026-04-08T12:30:29+00:00\",\"dateModified\":\"2026-04-13T12:27:58+00:00\",\"description\":\"Retrouvez Andr\u00e9 Manoukian au Pin Galant \u00e0 l'occasion de la sortie de son 5\u00e8 album, alliant virtuosit\u00e9, ravissement et d\u00e9licatesse !\",\"breadcrumb\":{\"@id\":\"https:\/\/www.lepingalant.com\/fr\/evenement\/andre-manoukian\/#breadcrumb\"},\"inLanguage\":\"fr-FR\",\"potentialAction\":[{\"@type\":\"ReadAction\",\"target\":[\"https:\/\/www.lepingalant.com\/fr\/evenement\/andre-manoukian\/\"]}]},{\"@type\":\"BreadcrumbList\",\"@id\":\"https:\/\/www.lepingalant.com\/fr\/evenement\/andre-manoukian\/#breadcrumb\",\"itemListElement\":[{\"@type\":\"ListItem\",\"position\":1,\"name\":\"Home\",\"item\":\"https:\/\/www.lepingalant.com\/\"},{\"@type\":\"ListItem\",\"position\":2,\"name\":\"Andr\u00e9 Manoukian\"}]},{\"@type\":\"WebSite\",\"@id\":\"https:\/\/www.lepingalant.com\/fr\/#website\",\"url\":\"https:\/\/www.lepingalant.com\/fr\/\",\"name\":\"Pin Galant\",\"description\":\"\",\"potentialAction\":[{\"@type\":\"SearchAction\",\"target\":{\"@type\":\"EntryPoint\",\"urlTemplate\":\"https:\/\/www.lepingalant.com\/fr\/?s={search_term_string}\"},\"query-input\":\"required name=search_term_string\"}],\"inLanguage\":\"fr-FR\"}]}<\/script>\n<!-- \/ Yoast SEO plugin. -->","yoast_head_json":{"title":"Andr\u00e9 Manoukian - Le Pin Galant - 13\/10\/2026 - Billetterie officielle","description":"Retrouvez Andr\u00e9 Manoukian au Pin Galant \u00e0 l'occasion de la sortie de son 5\u00e8 album, alliant virtuosit\u00e9, ravissement et d\u00e9licatesse !","robots":{"index":"index","follow":"follow","max-snippet":"max-snippet:-1","max-image-preview":"max-image-preview:large","max-video-preview":"max-video-preview:-1"},"canonical":"https:\/\/www.lepingalant.com\/fr\/evenement\/andre-manoukian\/","og_locale":"fr_FR","og_type":"article","og_title":"Andr\u00e9 Manoukian - Le Pin Galant - 13\/10\/2026 - Billetterie officielle","og_description":"Retrouvez Andr\u00e9 Manoukian au Pin Galant \u00e0 l'occasion de la sortie de son 5\u00e8 album, alliant virtuosit\u00e9, ravissement et d\u00e9licatesse !","og_url":"https:\/\/www.lepingalant.com\/fr\/evenement\/andre-manoukian\/","og_site_name":"Pin Galant","article_modified_time":"2026-04-13T12:27:58+00:00","twitter_card":"summary_large_image","schema":{"@context":"https:\/\/schema.org","@graph":[{"@type":"WebPage","@id":"https:\/\/www.lepingalant.com\/fr\/evenement\/andre-manoukian\/","url":"https:\/\/www.lepingalant.com\/fr\/evenement\/andre-manoukian\/","name":"Andr\u00e9 Manoukian - Le Pin Galant - 13\/10\/2026 - Billetterie officielle","isPartOf":{"@id":"https:\/\/www.lepingalant.com\/fr\/#website"},"datePublished":"2026-04-08T12:30:29+00:00","dateModified":"2026-04-13T12:27:58+00:00","description":"Retrouvez Andr\u00e9 Manoukian au Pin Galant \u00e0 l'occasion de la sortie de son 5\u00e8 album, alliant virtuosit\u00e9, ravissement et d\u00e9licatesse !","breadcrumb":{"@id":"https:\/\/www.lepingalant.com\/fr\/evenement\/andre-manoukian\/#breadcrumb"},"inLanguage":"fr-FR","potentialAction":[{"@type":"ReadAction","target":["https:\/\/www.lepingalant.com\/fr\/evenement\/andre-manoukian\/"]}]},{"@type":"BreadcrumbList","@id":"https:\/\/www.lepingalant.com\/fr\/evenement\/andre-manoukian\/#breadcrumb","itemListElement":[{"@type":"ListItem","position":1,"name":"Home","item":"https:\/\/www.lepingalant.com\/"},{"@type":"ListItem","position":2,"name":"Andr\u00e9 Manoukian"}]},{"@type":"WebSite","@id":"https:\/\/www.lepingalant.com\/fr\/#website","url":"https:\/\/www.lepingalant.com\/fr\/","name":"Pin Galant","description":"","potentialAction":[{"@type":"SearchAction","target":{"@type":"EntryPoint","urlTemplate":"https:\/\/www.lepingalant.com\/fr\/?s={search_term_string}"},"query-input":"required name=search_term_string"}],"inLanguage":"fr-FR"}]}},"_links":{"self":[{"href":"https:\/\/www.lepingalant.com\/fr\/wp-json\/wp\/v2\/event\/4108"}],"collection":[{"href":"https:\/\/www.lepingalant.com\/fr\/wp-json\/wp\/v2\/event"}],"about":[{"href":"https:\/\/www.lepingalant.com\/fr\/wp-json\/wp\/v2\/types\/event"}],"version-history":[{"count":11,"href":"https:\/\/www.lepingalant.com\/fr\/wp-json\/wp\/v2\/event\/4108\/revisions"}],"predecessor-version":[{"id":4302,"href":"https:\/\/www.lepingalant.com\/fr\/wp-json\/wp\/v2\/event\/4108\/revisions\/4302"}],"wp:attachment":[{"href":"https:\/\/www.lepingalant.com\/fr\/wp-json\/wp\/v2\/media?parent=4108"}],"curies":[{"name":"wp","href":"https:\/\/api.w.org\/{rel}","templated":true}]}}