 {"id":4174,"date":"2026-04-09T16:53:52","date_gmt":"2026-04-09T14:53:52","guid":{"rendered":"https:\/\/www.lepingalant.com\/fr\/?post_type=event&#038;p=4174"},"modified":"2026-04-09T18:02:50","modified_gmt":"2026-04-09T16:02:50","slug":"thomas-fersen","status":"publish","type":"event","link":"https:\/\/www.lepingalant.com\/fr\/evenement\/thomas-fersen\/","title":{"rendered":"THOMAS FERSEN EN CONCERT"},"featured_media":0,"template":"","acf":{"image_cover":{"id":4284,"url":"https:\/\/www.lepingalant.com\/wp-content\/uploads\/25\/2026\/04\/Thomas-Fersen-Vertical.jpg","title":"Thomas Fersen _PinGalant","alt":"","sizes":{"thumbnail":"https:\/\/www.lepingalant.com\/wp-content\/uploads\/25\/2026\/04\/Thomas-Fersen-Vertical-150x150.jpg","medium":"https:\/\/www.lepingalant.com\/wp-content\/uploads\/25\/2026\/04\/Thomas-Fersen-Vertical-200x300.jpg","large":"https:\/\/www.lepingalant.com\/wp-content\/uploads\/25\/2026\/04\/Thomas-Fersen-Vertical-683x1024.jpg","full":"https:\/\/www.lepingalant.com\/wp-content\/uploads\/25\/2026\/04\/Thomas-Fersen-Vertical.jpg"},"width":960,"height":1440},"informations_pratiques":{"icon":704,"title":"Informations pratiques","description":"<p>Les Tarifs :<\/p>\n<p>Cat\u00e9gorie Or : 39\u20ac<br \/>\nCat\u00e9gorie 1 : 31\u20ac<br \/>\nCat\u00e9gorie 2 : 28\u20ac<\/p>\n","button":[{"link":{"title":"Acc\u00e8s & parking","url":"https:\/\/www.lepingalant.com\/acces-parking\/","target":""}},{"link":{"title":"Bar & Restauration","url":"https:\/\/www.lepingalant.com\/bar-restauration\/","target":""}},{"link":{"title":"Consignes de s\u00e9curit\u00e9","url":"https:\/\/www.lepingalant.com\/consignes-de-securite\/","target":""}},{"link":{"title":"Infos tarif","url":"https:\/\/www.lepingalant.com\/les-tarifs\/","target":""}}]},"about_us":{"title":"\u00c0 propos","description":"<p><strong>Mise en sc\u00e8ne<\/strong> : Samuel Achache<\/p>\n<p><strong>Direction musicale<\/strong> : Florent Hubert<\/p>\n<p><strong>Auteur-compositeur et interpr\u00e8te, Thomas Fersen est une figure singuli\u00e8re de la chanson fran\u00e7aise avec son inimitable sens de l\u2019\u00e9vocation. \u00ab Comme on quitte un imperm\u00e9able \u00bb nous emporte par la puissance po\u00e9tique de son \u00e9criture. Entre th\u00e9\u00e2tre musical, concert classique d\u00e9cal\u00e9 et r\u00e9cital pop&#8230; Un hommage vibrant \u00e0 la chanson et \u00e0 l\u2019imaginaire, pour c\u00e9l\u00e9brer les 30 ans de son album fondateur \u00ab Le Bal des oiseaux \u00bb.<\/strong><\/p>\n<p>\u00c9maill\u00e9 de chansons in\u00e9dites ou de son r\u00e9pertoire, et jou\u00e9 par Thomas Fersen accompagn\u00e9 de trois musiciens, \u00ab Comme on quitte un imperm\u00e9able \u00bb raconte en octosyllabes comment, apr\u00e8s des d\u00e9buts d\u00e9courageants dans la musique et la perte de son mi-temps de c\u00e2bleur, le h\u00e9ros est exp\u00e9di\u00e9 au Mexique par son p\u00e8re. Tendre et dr\u00f4le, Thomas Fersen pr\u00eate des souvenirs de jeunesse \u00e0 son apprenti globe-trotter. Avec fantaisie, il \u00e9voque l\u2019exotisme et la luxuriance, la d\u00e9votion et la religiosit\u00e9 des contr\u00e9es arpent\u00e9es, nous offrant une vision all\u00e9gorique de ses aventures.<\/p>\n<p>Une \u00e9pop\u00e9e musicale et po\u00e9tique\u2026 Un concert comme un voyage initiatique !<\/p>\n","rs":[{"link":"https:\/\/www.facebook.com\/ThomasFersenOfficiel\/","type_rs":"facebook"}]},"id_deezer":"","type_deezer":"playlist","id_spotify":"37i9dQZF1DZ06evO0FkTjc","type_spotify":"playlist","id_youtube":"Rrwc1PCT2u0","image_background":{"id":4283,"url":"https:\/\/www.lepingalant.com\/wp-content\/uploads\/25\/2026\/04\/Thomas-Fersen-Horizontal_.png","title":"Thomas Fersen_PinGalant","alt":"","sizes":{"thumbnail":"https:\/\/www.lepingalant.com\/wp-content\/uploads\/25\/2026\/04\/Thomas-Fersen-Horizontal_-150x150.png","medium":"https:\/\/www.lepingalant.com\/wp-content\/uploads\/25\/2026\/04\/Thomas-Fersen-Horizontal_-300x150.png","large":"https:\/\/www.lepingalant.com\/wp-content\/uploads\/25\/2026\/04\/Thomas-Fersen-Horizontal_-1024x512.png","full":"https:\/\/www.lepingalant.com\/wp-content\/uploads\/25\/2026\/04\/Thomas-Fersen-Horizontal_.png"},"width":1400,"height":700},"status_places_global":"available_place","status_places_global_custom":"","background_flag":"","button_label_custom":"","subtitle":"Comme on quitte un imperm\u00e9able","acf_taxonomy_type":8,"event_description":"","price_start":"","price_text":"","sessions":[{"session_date":"2027-01-29 20:30:00","programmation_vente":"","status_event":"on_sale","status_event_custom":"","title_event_custom":"","ticketing":{"url_official":"https:\/\/billetterie.lepingalant.com\/fr\/product\/84\/le_pin_galant\/thomas_fersen_en_concert","priority_official":"","url_fnac":"","priority_fnac":"","url_digitick":"","priority_digitick":"","url_ticketmaster":"","priority_ticketmaster":"","url_custom":"","seller_custom":"","priority_custom":"","url_custom_2":"","seller_custom_2":"","priority_custom_2":""}}],"flexible_content":false,"list_offers":false,"list_offers_2":[{"icon":333,"titre":"R\u00e9servation PMR","description":"Afin de vous garantir un placement adapt\u00e9, les spectateurs \u00e0 mobilit\u00e9 r\u00e9duite sont invit\u00e9s \u00e0 signaler leur handicap et \u00e0 r\u00e9server leurs places directement aupr\u00e8s du service billetterie.","link":{"title":"T\u00e9l : 05 56 97 82 82","url":"#","target":""},"desactivate_background":false}],"gallery_media_v2":false,"event_code":"event-69cf9829755e2","event_pro":false},"yoast_head":"<!-- This site is optimized with the Yoast SEO plugin v20.1 - https:\/\/yoast.com\/wordpress\/plugins\/seo\/ -->\n<title>Thomas Fersen - Le Pin Galant - 29\/01\/2027 - Billetterie officielle<\/title>\n<meta name=\"description\" content=\"Thomas Fersen revisite \u00ab Le Bal des oiseaux \u00bb dans un spectacle po\u00e9tique m\u00ealant musique et imaginaire, au Pin Galant le 29 janvier 2027.\" \/>\n<meta name=\"robots\" content=\"index, follow, max-snippet:-1, max-image-preview:large, max-video-preview:-1\" \/>\n<link rel=\"canonical\" href=\"https:\/\/www.lepingalant.com\/fr\/evenement\/thomas-fersen\/\" \/>\n<meta property=\"og:locale\" content=\"fr_FR\" \/>\n<meta property=\"og:type\" content=\"article\" \/>\n<meta property=\"og:title\" content=\"Thomas Fersen - Le Pin Galant - 29\/01\/2027 - Billetterie officielle\" \/>\n<meta property=\"og:description\" content=\"Thomas Fersen revisite \u00ab Le Bal des oiseaux \u00bb dans un spectacle po\u00e9tique m\u00ealant musique et imaginaire, au Pin Galant le 29 janvier 2027.\" \/>\n<meta property=\"og:url\" content=\"https:\/\/www.lepingalant.com\/fr\/evenement\/thomas-fersen\/\" \/>\n<meta property=\"og:site_name\" content=\"Pin Galant\" \/>\n<meta property=\"article:modified_time\" content=\"2026-04-09T16:02:50+00:00\" \/>\n<meta name=\"twitter:card\" content=\"summary_large_image\" \/>\n<script type=\"application\/ld+json\" class=\"yoast-schema-graph\">{\"@context\":\"https:\/\/schema.org\",\"@graph\":[{\"@type\":\"WebPage\",\"@id\":\"https:\/\/www.lepingalant.com\/fr\/evenement\/thomas-fersen\/\",\"url\":\"https:\/\/www.lepingalant.com\/fr\/evenement\/thomas-fersen\/\",\"name\":\"Thomas Fersen - Le Pin Galant - 29\/01\/2027 - Billetterie officielle\",\"isPartOf\":{\"@id\":\"https:\/\/www.lepingalant.com\/fr\/#website\"},\"datePublished\":\"2026-04-09T14:53:52+00:00\",\"dateModified\":\"2026-04-09T16:02:50+00:00\",\"description\":\"Thomas Fersen revisite \u00ab Le Bal des oiseaux \u00bb dans un spectacle po\u00e9tique m\u00ealant musique et imaginaire, au Pin Galant le 29 janvier 2027.\",\"breadcrumb\":{\"@id\":\"https:\/\/www.lepingalant.com\/fr\/evenement\/thomas-fersen\/#breadcrumb\"},\"inLanguage\":\"fr-FR\",\"potentialAction\":[{\"@type\":\"ReadAction\",\"target\":[\"https:\/\/www.lepingalant.com\/fr\/evenement\/thomas-fersen\/\"]}]},{\"@type\":\"BreadcrumbList\",\"@id\":\"https:\/\/www.lepingalant.com\/fr\/evenement\/thomas-fersen\/#breadcrumb\",\"itemListElement\":[{\"@type\":\"ListItem\",\"position\":1,\"name\":\"Home\",\"item\":\"https:\/\/www.lepingalant.com\/\"},{\"@type\":\"ListItem\",\"position\":2,\"name\":\"THOMAS FERSEN EN CONCERT\"}]},{\"@type\":\"WebSite\",\"@id\":\"https:\/\/www.lepingalant.com\/fr\/#website\",\"url\":\"https:\/\/www.lepingalant.com\/fr\/\",\"name\":\"Pin Galant\",\"description\":\"\",\"potentialAction\":[{\"@type\":\"SearchAction\",\"target\":{\"@type\":\"EntryPoint\",\"urlTemplate\":\"https:\/\/www.lepingalant.com\/fr\/?s={search_term_string}\"},\"query-input\":\"required name=search_term_string\"}],\"inLanguage\":\"fr-FR\"}]}<\/script>\n<!-- \/ Yoast SEO plugin. -->","yoast_head_json":{"title":"Thomas Fersen - Le Pin Galant - 29\/01\/2027 - Billetterie officielle","description":"Thomas Fersen revisite \u00ab Le Bal des oiseaux \u00bb dans un spectacle po\u00e9tique m\u00ealant musique et imaginaire, au Pin Galant le 29 janvier 2027.","robots":{"index":"index","follow":"follow","max-snippet":"max-snippet:-1","max-image-preview":"max-image-preview:large","max-video-preview":"max-video-preview:-1"},"canonical":"https:\/\/www.lepingalant.com\/fr\/evenement\/thomas-fersen\/","og_locale":"fr_FR","og_type":"article","og_title":"Thomas Fersen - Le Pin Galant - 29\/01\/2027 - Billetterie officielle","og_description":"Thomas Fersen revisite \u00ab Le Bal des oiseaux \u00bb dans un spectacle po\u00e9tique m\u00ealant musique et imaginaire, au Pin Galant le 29 janvier 2027.","og_url":"https:\/\/www.lepingalant.com\/fr\/evenement\/thomas-fersen\/","og_site_name":"Pin Galant","article_modified_time":"2026-04-09T16:02:50+00:00","twitter_card":"summary_large_image","schema":{"@context":"https:\/\/schema.org","@graph":[{"@type":"WebPage","@id":"https:\/\/www.lepingalant.com\/fr\/evenement\/thomas-fersen\/","url":"https:\/\/www.lepingalant.com\/fr\/evenement\/thomas-fersen\/","name":"Thomas Fersen - Le Pin Galant - 29\/01\/2027 - Billetterie officielle","isPartOf":{"@id":"https:\/\/www.lepingalant.com\/fr\/#website"},"datePublished":"2026-04-09T14:53:52+00:00","dateModified":"2026-04-09T16:02:50+00:00","description":"Thomas Fersen revisite \u00ab Le Bal des oiseaux \u00bb dans un spectacle po\u00e9tique m\u00ealant musique et imaginaire, au Pin Galant le 29 janvier 2027.","breadcrumb":{"@id":"https:\/\/www.lepingalant.com\/fr\/evenement\/thomas-fersen\/#breadcrumb"},"inLanguage":"fr-FR","potentialAction":[{"@type":"ReadAction","target":["https:\/\/www.lepingalant.com\/fr\/evenement\/thomas-fersen\/"]}]},{"@type":"BreadcrumbList","@id":"https:\/\/www.lepingalant.com\/fr\/evenement\/thomas-fersen\/#breadcrumb","itemListElement":[{"@type":"ListItem","position":1,"name":"Home","item":"https:\/\/www.lepingalant.com\/"},{"@type":"ListItem","position":2,"name":"THOMAS FERSEN EN CONCERT"}]},{"@type":"WebSite","@id":"https:\/\/www.lepingalant.com\/fr\/#website","url":"https:\/\/www.lepingalant.com\/fr\/","name":"Pin Galant","description":"","potentialAction":[{"@type":"SearchAction","target":{"@type":"EntryPoint","urlTemplate":"https:\/\/www.lepingalant.com\/fr\/?s={search_term_string}"},"query-input":"required name=search_term_string"}],"inLanguage":"fr-FR"}]}},"_links":{"self":[{"href":"https:\/\/www.lepingalant.com\/fr\/wp-json\/wp\/v2\/event\/4174"}],"collection":[{"href":"https:\/\/www.lepingalant.com\/fr\/wp-json\/wp\/v2\/event"}],"about":[{"href":"https:\/\/www.lepingalant.com\/fr\/wp-json\/wp\/v2\/types\/event"}],"version-history":[{"count":9,"href":"https:\/\/www.lepingalant.com\/fr\/wp-json\/wp\/v2\/event\/4174\/revisions"}],"predecessor-version":[{"id":4292,"href":"https:\/\/www.lepingalant.com\/fr\/wp-json\/wp\/v2\/event\/4174\/revisions\/4292"}],"wp:attachment":[{"href":"https:\/\/www.lepingalant.com\/fr\/wp-json\/wp\/v2\/media?parent=4174"}],"curies":[{"name":"wp","href":"https:\/\/api.w.org\/{rel}","templated":true}]}}